{"id":2225,"date":"2021-05-06T01:14:00","date_gmt":"2021-05-06T03:14:00","guid":{"rendered":"http:\/\/www.redlatif.org\/?page_id=2225"},"modified":"2024-11-27T16:48:54","modified_gmt":"2024-11-27T20:48:54","slug":"reuniones","status":"publish","type":"page","link":"https:\/\/www.redlatif.org\/en\/reuniones\/","title":{"rendered":"Reuniones"},"content":{"rendered":"<div class=\"wp-block-group\"><div class=\"wp-block-group__inner-container is-layout-flow wp-block-group-is-layout-flow\">\r\n<div class=\"wp-block-group\"><div class=\"wp-block-group__inner-container is-layout-flow wp-block-group-is-layout-flow\">\r\n<div class=\"wp-block-columns is-layout-flex wp-container-core-columns-is-layout-9d6595d7 wp-block-columns-is-layout-flex\">\r\n<div class=\"wp-block-column is-vertically-aligned-center is-layout-flow wp-block-column-is-layout-flow\" style=\"flex-basis:100%\">\r\n<div class=\"wp-block-columns is-layout-flex wp-container-core-columns-is-layout-9d6595d7 wp-block-columns-is-layout-flex\">\r\n<div class=\"wp-block-column is-layout-flow wp-block-column-is-layout-flow\" style=\"flex-basis:66.66%\">\r\n<figure class=\"wp-block-image size-large\"><img loading=\"lazy\" decoding=\"async\" width=\"1024\" height=\"867\" src=\"http:\/\/www.redlatif.org\/wp-content\/uploads\/2021\/05\/Foto_Final-1024x867.jpg\" alt=\"\" class=\"wp-image-2262\" srcset=\"https:\/\/www.redlatif.org\/wp-content\/uploads\/2021\/05\/Foto_Final-1024x867.jpg 1024w, https:\/\/www.redlatif.org\/wp-content\/uploads\/2021\/05\/Foto_Final-300x254.jpg 300w, https:\/\/www.redlatif.org\/wp-content\/uploads\/2021\/05\/Foto_Final-150x127.jpg 150w, https:\/\/www.redlatif.org\/wp-content\/uploads\/2021\/05\/Foto_Final-768x650.jpg 768w, https:\/\/www.redlatif.org\/wp-content\/uploads\/2021\/05\/Foto_Final-1536x1301.jpg 1536w, https:\/\/www.redlatif.org\/wp-content\/uploads\/2021\/05\/Foto_Final.jpg 1600w\" sizes=\"auto, (max-width: 1024px) 100vw, 1024px\" \/><\/figure>\r\n<\/div>\r\n\r\n\r\n\r\n<div class=\"wp-block-column is-layout-flow wp-block-column-is-layout-flow\" style=\"flex-basis:33.33%\">\r\n<p><strong>Workshop de Detecci\u00f3n de \u00c1reas Quemadas 2015 <\/strong><\/p>\r\n\r\n\r\n\r\n<p><img loading=\"lazy\" decoding=\"async\" width=\"38\" height=\"38\" class=\"wp-image-2261\" style=\"width: 38px;\" src=\"http:\/\/www.redlatif.org\/wp-content\/uploads\/2021\/05\/calendar-512.png\" alt=\"\" srcset=\"https:\/\/www.redlatif.org\/wp-content\/uploads\/2021\/05\/calendar-512.png 512w, https:\/\/www.redlatif.org\/wp-content\/uploads\/2021\/05\/calendar-512-300x300.png 300w, https:\/\/www.redlatif.org\/wp-content\/uploads\/2021\/05\/calendar-512-150x150.png 150w, https:\/\/www.redlatif.org\/wp-content\/uploads\/2021\/05\/calendar-512-80x80.png 80w, https:\/\/www.redlatif.org\/wp-content\/uploads\/2021\/05\/calendar-512-320x320.png 320w\" sizes=\"auto, (max-width: 38px) 100vw, 38px\" \/>  16 al 20 de noviembre de 2015<\/p>\r\n\r\n\r\n\r\n<p><img loading=\"lazy\" decoding=\"async\" width=\"30\" height=\"46\" class=\"wp-image-2267\" style=\"width: 30px;\" src=\"http:\/\/www.redlatif.org\/wp-content\/uploads\/2021\/05\/whitakergroup-google-location-icon.png\" alt=\"\" srcset=\"https:\/\/www.redlatif.org\/wp-content\/uploads\/2021\/05\/whitakergroup-google-location-icon.png 287w, https:\/\/www.redlatif.org\/wp-content\/uploads\/2021\/05\/whitakergroup-google-location-icon-196x300.png 196w, https:\/\/www.redlatif.org\/wp-content\/uploads\/2021\/05\/whitakergroup-google-location-icon-98x150.png 98w\" sizes=\"auto, (max-width: 30px) 100vw, 30px\" \/>Instituto Brasileiro de Pesquisas Espaciais, en Sao Jos\u00e9 dos Campos, Brasil.<\/p>\r\n\r\n\r\n\r\n<div class=\"wp-block-buttons is-layout-flex wp-block-buttons-is-layout-flex\">\r\n<div class=\"wp-block-button\"><a class=\"wp-block-button__link has-white-color has-vivid-red-background-color has-text-color has-background\" href=\"http:\/\/www.redlatif.org\/reuniones\/reunion-2015\/\" rel=\"http:\/\/www.redlatif.org\/reuniones\/reunion-2015\/\">entrar a la reuni\u00f3n <\/a><\/div>\r\n<\/div>\r\n<\/div>\r\n<\/div>\r\n<\/div>\r\n<\/div>\r\n<\/div><\/div>\r\n\r\n\r\n\r\n<p><\/p>\r\n<\/div><\/div>\r\n\r\n\r\n\r\n<div class=\"wp-block-columns is-layout-flex wp-container-core-columns-is-layout-9d6595d7 wp-block-columns-is-layout-flex\">\r\n<div class=\"wp-block-column is-layout-flow wp-block-column-is-layout-flow\" style=\"flex-basis:66.66%\">\r\n<figure class=\"wp-block-image size-large\"><img loading=\"lazy\" decoding=\"async\" width=\"1024\" height=\"768\" src=\"http:\/\/www.redlatif.org\/wp-content\/uploads\/2021\/05\/IMG-20170802-WA0056-1024x768.jpg\" alt=\"\" class=\"wp-image-2275\" srcset=\"https:\/\/www.redlatif.org\/wp-content\/uploads\/2021\/05\/IMG-20170802-WA0056-1024x768.jpg 1024w, https:\/\/www.redlatif.org\/wp-content\/uploads\/2021\/05\/IMG-20170802-WA0056-300x225.jpg 300w, https:\/\/www.redlatif.org\/wp-content\/uploads\/2021\/05\/IMG-20170802-WA0056-150x113.jpg 150w, https:\/\/www.redlatif.org\/wp-content\/uploads\/2021\/05\/IMG-20170802-WA0056-768x576.jpg 768w, https:\/\/www.redlatif.org\/wp-content\/uploads\/2021\/05\/IMG-20170802-WA0056.jpg 1032w\" sizes=\"auto, (max-width: 1024px) 100vw, 1024px\" \/><\/figure>\r\n<\/div>\r\n\r\n\r\n\r\n<div class=\"wp-block-column is-layout-flow wp-block-column-is-layout-flow\" style=\"flex-basis:33.33%\">\r\n<p><strong>Estimaci\u00f3n del \u00e1rea quemada en Am\u00e9rica Latina utilizando un entorno virtual colaborativo &#8211; 2017<\/strong><\/p>\r\n\r\n\r\n\r\n<p><img loading=\"lazy\" decoding=\"async\" width=\"38\" height=\"38\" class=\"wp-image-2261\" style=\"width: 38px;\" src=\"http:\/\/www.redlatif.org\/wp-content\/uploads\/2021\/05\/calendar-512.png\" alt=\"\" srcset=\"https:\/\/www.redlatif.org\/wp-content\/uploads\/2021\/05\/calendar-512.png 512w, https:\/\/www.redlatif.org\/wp-content\/uploads\/2021\/05\/calendar-512-300x300.png 300w, https:\/\/www.redlatif.org\/wp-content\/uploads\/2021\/05\/calendar-512-150x150.png 150w, https:\/\/www.redlatif.org\/wp-content\/uploads\/2021\/05\/calendar-512-80x80.png 80w, https:\/\/www.redlatif.org\/wp-content\/uploads\/2021\/05\/calendar-512-320x320.png 320w\" sizes=\"auto, (max-width: 38px) 100vw, 38px\" \/>  01 al 03 de agosto de 2017  <\/p>\r\n\r\n\r\n\r\n<p><img loading=\"lazy\" decoding=\"async\" width=\"30\" height=\"46\" class=\"wp-image-2267\" style=\"width: 30px;\" src=\"http:\/\/www.redlatif.org\/wp-content\/uploads\/2021\/05\/whitakergroup-google-location-icon.png\" alt=\"\" srcset=\"https:\/\/www.redlatif.org\/wp-content\/uploads\/2021\/05\/whitakergroup-google-location-icon.png 287w, https:\/\/www.redlatif.org\/wp-content\/uploads\/2021\/05\/whitakergroup-google-location-icon-196x300.png 196w, https:\/\/www.redlatif.org\/wp-content\/uploads\/2021\/05\/whitakergroup-google-location-icon-98x150.png 98w\" sizes=\"auto, (max-width: 30px) 100vw, 30px\" \/>Comisi\u00f3n Nacional para el Conocimiento y Uso de la Biodiversidad (CONABIO), M\u00e9xico.<\/p>\r\n\r\n\r\n\r\n<div class=\"wp-block-buttons is-layout-flex wp-block-buttons-is-layout-flex\">\r\n<div class=\"wp-block-button\"><a class=\"wp-block-button__link has-white-color has-vivid-red-background-color has-text-color has-background\" href=\"http:\/\/www.redlatif.org\/reuniones\/reunion-2017\/\">entrar a la reuni\u00f3n <\/a><\/div>\r\n<\/div>\r\n<\/div>\r\n<\/div>\r\n\r\n\r\n\r\n<div class=\"wp-block-columns is-layout-flex wp-container-core-columns-is-layout-9d6595d7 wp-block-columns-is-layout-flex\">\r\n<div class=\"wp-block-column is-layout-flow wp-block-column-is-layout-flow\" style=\"flex-basis:66.66%\">\r\n<figure class=\"wp-block-image size-large\"><img loading=\"lazy\" decoding=\"async\" width=\"1024\" height=\"758\" src=\"http:\/\/www.redlatif.org\/wp-content\/uploads\/2021\/05\/2021-05-07_18-48-04-1024x758.jpg\" alt=\"\" class=\"wp-image-2286\" srcset=\"https:\/\/www.redlatif.org\/wp-content\/uploads\/2021\/05\/2021-05-07_18-48-04-1024x758.jpg 1024w, https:\/\/www.redlatif.org\/wp-content\/uploads\/2021\/05\/2021-05-07_18-48-04-300x222.jpg 300w, https:\/\/www.redlatif.org\/wp-content\/uploads\/2021\/05\/2021-05-07_18-48-04-150x111.jpg 150w, https:\/\/www.redlatif.org\/wp-content\/uploads\/2021\/05\/2021-05-07_18-48-04-768x569.jpg 768w, https:\/\/www.redlatif.org\/wp-content\/uploads\/2021\/05\/2021-05-07_18-48-04-1536x1138.jpg 1536w, https:\/\/www.redlatif.org\/wp-content\/uploads\/2021\/05\/2021-05-07_18-48-04.jpg 1592w\" sizes=\"auto, (max-width: 1024px) 100vw, 1024px\" \/><\/figure>\r\n<\/div>\r\n\r\n\r\n\r\n<div class=\"wp-block-column is-layout-flow wp-block-column-is-layout-flow\" style=\"flex-basis:33.33%\">\r\n<p><strong><\/strong><strong>Reuni\u00f3n de la red en NOAA, primera semana de octubre 2018.<\/strong><\/p>\r\n\r\n\r\n\r\n<p><img loading=\"lazy\" decoding=\"async\" width=\"38\" height=\"38\" class=\"wp-image-2261\" style=\"width: 38px;\" src=\"http:\/\/www.redlatif.org\/wp-content\/uploads\/2021\/05\/calendar-512.png\" alt=\"\" srcset=\"https:\/\/www.redlatif.org\/wp-content\/uploads\/2021\/05\/calendar-512.png 512w, https:\/\/www.redlatif.org\/wp-content\/uploads\/2021\/05\/calendar-512-300x300.png 300w, https:\/\/www.redlatif.org\/wp-content\/uploads\/2021\/05\/calendar-512-150x150.png 150w, https:\/\/www.redlatif.org\/wp-content\/uploads\/2021\/05\/calendar-512-80x80.png 80w, https:\/\/www.redlatif.org\/wp-content\/uploads\/2021\/05\/calendar-512-320x320.png 320w\" sizes=\"auto, (max-width: 38px) 100vw, 38px\" \/>  09 al 11 de octubre de 2018  <\/p>\r\n\r\n\r\n\r\n<p><img loading=\"lazy\" decoding=\"async\" width=\"30\" height=\"46\" class=\"wp-image-2267\" style=\"width: 30px;\" src=\"http:\/\/www.redlatif.org\/wp-content\/uploads\/2021\/05\/whitakergroup-google-location-icon.png\" alt=\"\" srcset=\"https:\/\/www.redlatif.org\/wp-content\/uploads\/2021\/05\/whitakergroup-google-location-icon.png 287w, https:\/\/www.redlatif.org\/wp-content\/uploads\/2021\/05\/whitakergroup-google-location-icon-196x300.png 196w, https:\/\/www.redlatif.org\/wp-content\/uploads\/2021\/05\/whitakergroup-google-location-icon-98x150.png 98w\" sizes=\"auto, (max-width: 30px) 100vw, 30px\" \/>NOAA CENTER FOR WEATHER AND CLIMATE PREDICTION (NCWCP) 5830 UNIVERSITY RESEARCH CT, COLLEGE PARK, MD USA.<\/p>\r\n\r\n\r\n\r\n<div class=\"wp-block-buttons is-layout-flex wp-block-buttons-is-layout-flex\">\r\n<div class=\"wp-block-button\"><a class=\"wp-block-button__link has-vivid-red-background-color has-background\" href=\"http:\/\/www.redlatif.org\/reuniones\/reunion-2018\/\">entrar a la reuni\u00f3n.<\/a><\/div>\r\n<\/div>\r\n<\/div>\r\n<\/div>\r\n\r\n\r\n\r\n<div class=\"wp-block-columns is-layout-flex wp-container-core-columns-is-layout-9d6595d7 wp-block-columns-is-layout-flex\">\r\n<div class=\"wp-block-column is-layout-flow wp-block-column-is-layout-flow\" style=\"flex-basis:66.66%\">\r\n\n\n<div class=\"ngg-galleryoverview ngg-slideshow\"\n\t id=\"ngg-slideshow-8ff4e7248baed85546d9303577a28805-13936888240\"\n     data-gallery-id=\"8ff4e7248baed85546d9303577a28805\"\n     style=\"max-width: 600px; max-height: 400px;\">\n\n \t<div id=\"ngg-image-0\" class=\"ngg-gallery-slideshow-image\" style=\"height:400px\">\n\n        <a href=\"https:\/\/www.redlatif.org\/wp-content\/gallery\/virtual-2021\/RedLaTIF-2021-Annual-Meeting_Day-2-Group-Photo.jpg\"\n           title=\"\"\n           data-src=\"https:\/\/www.redlatif.org\/wp-content\/gallery\/virtual-2021\/RedLaTIF-2021-Annual-Meeting_Day-2-Group-Photo.jpg\"\n           data-thumbnail=\"https:\/\/www.redlatif.org\/wp-content\/gallery\/virtual-2021\/thumbs\/thumbs_RedLaTIF-2021-Annual-Meeting_Day-2-Group-Photo.jpg\"\n           data-image-id=\"442\"\n           data-title=\"RedLaTIF-2021-Annual-Meeting_Day-2-Group-Photo\"\n           data-description=\"\"\n           class=\"ngg-fancybox\" rel=\"8ff4e7248baed85546d9303577a28805\">\n\n            <img data-image-id='442'\n                 title=\"\"\n                 alt=\"RedLaTIF-2021-Annual-Meeting_Day-2-Group-Photo\"\n                 src=\"https:\/\/www.redlatif.org\/wp-content\/gallery\/virtual-2021\/RedLaTIF-2021-Annual-Meeting_Day-2-Group-Photo.jpg\"\n                 style=\"max-height: 380px;\"\/>\n        <\/a>\n\n        <\/div> \n<div id=\"ngg-image-1\" class=\"ngg-gallery-slideshow-image\" style=\"height:400px\">\n\n        <a href=\"https:\/\/www.redlatif.org\/wp-content\/gallery\/virtual-2021\/RedLaTIF-2021-Annual-Meeting_Day-1-Group-Photo.jpg\"\n           title=\"\"\n           data-src=\"https:\/\/www.redlatif.org\/wp-content\/gallery\/virtual-2021\/RedLaTIF-2021-Annual-Meeting_Day-1-Group-Photo.jpg\"\n           data-thumbnail=\"https:\/\/www.redlatif.org\/wp-content\/gallery\/virtual-2021\/thumbs\/thumbs_RedLaTIF-2021-Annual-Meeting_Day-1-Group-Photo.jpg\"\n           data-image-id=\"443\"\n           data-title=\"RedLaTIF-2021-Annual-Meeting_Day-1-Group-Photo\"\n           data-description=\"\"\n           class=\"ngg-fancybox\" rel=\"8ff4e7248baed85546d9303577a28805\">\n\n            <img data-image-id='443'\n                 title=\"\"\n                 alt=\"RedLaTIF-2021-Annual-Meeting_Day-1-Group-Photo\"\n                 src=\"https:\/\/www.redlatif.org\/wp-content\/gallery\/virtual-2021\/RedLaTIF-2021-Annual-Meeting_Day-1-Group-Photo.jpg\"\n                 style=\"max-height: 380px;\"\/>\n        <\/a>\n\n        <\/div> \n<\/div>\n\n\n\t\t<!-- Thumbnails Link -->\n\t<div class=\"slideshowlink\" style=\"max-width: 600px;\">\n        <a href='https:\/\/www.redlatif.org\/en\/reuniones\/nggallery\/thumbnails'>[Show thumbnails]<\/a>\n\t<\/div>\n\n\r\n\r\n\r\n\r\n<figure class=\"wp-block-gallery columns-0 is-cropped wp-block-gallery-3 is-layout-flex wp-block-gallery-is-layout-flex\"><ul class=\"blocks-gallery-grid\"><\/ul><\/figure>\r\n<\/div>\r\n\r\n\r\n\r\n<div class=\"wp-block-column is-layout-flow wp-block-column-is-layout-flow\" style=\"flex-basis:33.33%\">\r\n<p><strong><\/strong><strong>Reuni\u00f3n  2021<\/strong><\/p>\r\n\r\n\r\n\r\n<p><img loading=\"lazy\" decoding=\"async\" width=\"38\" height=\"38\" class=\"wp-image-2261\" style=\"width: 38px;\" src=\"http:\/\/www.redlatif.org\/wp-content\/uploads\/2021\/05\/calendar-512.png\" alt=\"\" srcset=\"https:\/\/www.redlatif.org\/wp-content\/uploads\/2021\/05\/calendar-512.png 512w, https:\/\/www.redlatif.org\/wp-content\/uploads\/2021\/05\/calendar-512-300x300.png 300w, https:\/\/www.redlatif.org\/wp-content\/uploads\/2021\/05\/calendar-512-150x150.png 150w, https:\/\/www.redlatif.org\/wp-content\/uploads\/2021\/05\/calendar-512-80x80.png 80w, https:\/\/www.redlatif.org\/wp-content\/uploads\/2021\/05\/calendar-512-320x320.png 320w\" sizes=\"auto, (max-width: 38px) 100vw, 38px\" \/>  22 al 23  de abril de 2021  <\/p>\r\n\r\n\r\n\r\n<p><img loading=\"lazy\" decoding=\"async\" width=\"30\" height=\"46\" class=\"wp-image-2267\" style=\"width: 30px;\" src=\"http:\/\/www.redlatif.org\/wp-content\/uploads\/2021\/05\/whitakergroup-google-location-icon.png\" alt=\"\" srcset=\"https:\/\/www.redlatif.org\/wp-content\/uploads\/2021\/05\/whitakergroup-google-location-icon.png 287w, https:\/\/www.redlatif.org\/wp-content\/uploads\/2021\/05\/whitakergroup-google-location-icon-196x300.png 196w, https:\/\/www.redlatif.org\/wp-content\/uploads\/2021\/05\/whitakergroup-google-location-icon-98x150.png 98w\" sizes=\"auto, (max-width: 30px) 100vw, 30px\" \/>VIRTUAL<\/p>\r\n\r\n\r\n\r\n<div class=\"wp-block-buttons is-layout-flex wp-block-buttons-is-layout-flex\">\r\n<div class=\"wp-block-button\"><a class=\"wp-block-button__link has-vivid-red-background-color has-background\" href=\"http:\/\/www.redlatif.org\/reuniones\/reunion-2021\/\">ir a la reuni\u00f3n virtual<\/a><\/div>\r\n<\/div>\r\n<\/div>\r\n<\/div>","protected":false},"excerpt":{"rendered":"<p>Sorry, this entry is only available in Espa\u00f1ol.<\/p>\n","protected":false},"author":29,"featured_media":0,"parent":0,"menu_order":0,"comment_status":"closed","ping_status":"closed","template":"","meta":{"ngg_post_thumbnail":0,"footnotes":""},"class_list":["post-2225","page","type-page","status-publish","hentry"],"_links":{"self":[{"href":"https:\/\/www.redlatif.org\/en\/wp-json\/wp\/v2\/pages\/2225","targetHints":{"allow":["GET"]}}],"collection":[{"href":"https:\/\/www.redlatif.org\/en\/wp-json\/wp\/v2\/pages"}],"about":[{"href":"https:\/\/www.redlatif.org\/en\/wp-json\/wp\/v2\/types\/page"}],"author":[{"embeddable":true,"href":"https:\/\/www.redlatif.org\/en\/wp-json\/wp\/v2\/users\/29"}],"replies":[{"embeddable":true,"href":"https:\/\/www.redlatif.org\/en\/wp-json\/wp\/v2\/comments?post=2225"}],"version-history":[{"count":27,"href":"https:\/\/www.redlatif.org\/en\/wp-json\/wp\/v2\/pages\/2225\/revisions"}],"predecessor-version":[{"id":2429,"href":"https:\/\/www.redlatif.org\/en\/wp-json\/wp\/v2\/pages\/2225\/revisions\/2429"}],"wp:attachment":[{"href":"https:\/\/www.redlatif.org\/en\/wp-json\/wp\/v2\/media?parent=2225"}],"curies":[{"name":"wp","href":"https:\/\/api.w.org\/{rel}","templated":true}]}}