{"id":26,"date":"2014-11-05T15:43:19","date_gmt":"2014-11-05T17:43:19","guid":{"rendered":"http:\/\/sirc.dgi.inpe.br\/redlatif\/?page_id=26"},"modified":"2017-10-05T19:59:55","modified_gmt":"2017-10-05T21:59:55","slug":"documentos","status":"publish","type":"page","link":"https:\/\/www.redlatif.org\/pt\/documentos\/","title":{"rendered":"Documentos"},"content":{"rendered":"<p>&nbsp;<\/p>\n<h3>Homenagem<\/h3>\n<ul>\n<li><strong>Homenagem \u00e0 Sergio <\/strong><strong>Opazo <\/strong>&#8211; <a href=\"http:\/\/www.redlatif.org\/wp-content\/uploads\/2014\/11\/editorial_sergio.pdf\" target=\"_blank\" rel=\"noopener noreferrer\">Baixar documento.<\/a><\/li>\n<li><strong>Ao nosso amigo, Sergio Opazo &#8211;<\/strong> <a href=\"http:\/\/www.redlatif.org\/wp-content\/uploads\/2014\/11\/sergio.pdf\" target=\"_blank\" rel=\"noopener noreferrer\">Baixar documento.<\/a><\/li>\n<\/ul>\n<h3>Diretrizes<\/h3>\n<ul>\n<li><strong>Diretrizes para a organiza\u00e7\u00e3o da RedLaTIF &#8211;<\/strong> <a href=\"http:\/\/www.redlatif.org\/wp-content\/uploads\/2014\/11\/lineamientos.pdf\" target=\"_blank\" rel=\"noopener noreferrer\">Baixar documento.<\/a><\/li>\n<\/ul>\n<h3>Hist\u00f3ria<\/h3>\n<ul>\n<li><strong>RedLaTIF ao longo dos anos &#8211;<\/strong> <a href=\"http:\/\/www.redlatif.org\/wp-content\/uploads\/2014\/11\/historia_resumen.pdf\" target=\"_blank\" rel=\"noopener noreferrer\">Baixar documento.<\/a><\/li>\n<li><strong>10 anos de RedLaTIF, M.Isabel Cruz Lopes, 2013 &#8211;<\/strong> <a href=\"http:\/\/www.redlatif.org\/wp-content\/uploads\/2014\/11\/historia_10anos.pdf\" target=\"_blank\" rel=\"noopener noreferrer\">Baixar documento.<\/a><\/li>\n<\/ul>\n<h3>Reuni\u00f5es<\/h3>\n<ul>\n<li><strong>Agosto 2017 &#8211; Cidade do M\u00e9xico, M\u00e9xico<\/strong>\n<ul>\n<li>Projecto \u00e1reas queimadas&nbsp;&#8211;&nbsp;<a href=\"http:\/\/redlatif.org\/wp-content\/uploads\/2014\/11\/Redlatif_meeting_report_20170823_WS_IC.pdf\" target=\"_blank\" rel=\"noopener noreferrer\">Baixar relat\u00f3rio.<\/a><\/li>\n<\/ul>\n<\/li>\n<li><strong>Novembro 2010 &#8211; Guanajuato, M\u00e9xico<\/strong>\n<ul>\n<li>Reuni\u00e3o anual RedLaTIF e projeto SERENA &#8211; <a href=\"http:\/\/www.redlatif.org\/wp-content\/uploads\/2014\/11\/reunion_2010_11_mexico.pdf\" target=\"_blank\" rel=\"noopener noreferrer\">Baixar relat\u00f3rio.<\/a><\/li>\n<\/ul>\n<\/li>\n<li><strong>Abril 2009 &#8211; S\u00e3o Jos\u00e9 dos Campos, Brasil<\/strong>\n<ul>\n<li>Troca de coordena\u00e7\u00e3o &#8211; <a href=\"http:\/\/www.redlatif.org\/wp-content\/uploads\/2014\/11\/reunion_2009_04_brasil.pdf\" target=\"_blank\" rel=\"noopener noreferrer\">Baixar relat\u00f3rio.<\/a><\/li>\n<\/ul>\n<\/li>\n<li><strong>Setembro 2007 &#8211; Mar del Plata, Argentina<\/strong>\n<ul>\n<li>Avan\u00e7os e futuro da rede &#8211; <a href=\"http:\/\/www.redlatif.org\/wp-content\/uploads\/2014\/11\/reunion_2007_09_argentina.pdf\" target=\"_blank\" rel=\"noopener noreferrer\">Baixar relat\u00f3rio.<\/a><\/li>\n<\/ul>\n<\/li>\n<li><strong>Setembro 2006 &#8211; Cartagena das \u00cdndias, <\/strong><b>Col\u00f4mbia<\/b>\n<ul>\n<li>Apresenta\u00e7\u00e3o dos resultados preliminares do projeto AQL2004 no marco do XII Simp\u00f3sio SELPER &#8211; <a href=\"http:\/\/www.redlatif.org\/wp-content\/uploads\/2014\/11\/reunion_2006_09_colombia.pdf\" target=\"_blank\" rel=\"noopener noreferrer\">Baixar relat\u00f3rio.<\/a><\/li>\n<\/ul>\n<\/li>\n<li><strong>Dezembro 2005 &#8211; Cidade do M\u00e9xico, M\u00e9xico<\/strong>\n<ul>\n<li>Reuni\u00e3o de trabalho projeto AQL2004 &#8211; <a href=\"http:\/\/www.redlatif.org\/wp-content\/uploads\/2014\/11\/reunion_2005_12_mexico.pdf\" target=\"_blank\" rel=\"noopener noreferrer\">Baixar relat\u00f3rio.<\/a><\/li>\n<\/ul>\n<\/li>\n<li><strong>Novembro 2004 &#8211; Santiago do Chile, Chile<\/strong>\n<ul>\n<li>Oficina sobre cartografia de \u00e1reas queimadas utilizando sensoriamento remoto &#8211; <a href=\"http:\/\/www.redlatif.org\/wp-content\/uploads\/2014\/11\/reunion_2004_11_chile.pdf\" target=\"_blank\" rel=\"noopener noreferrer\">Baixar relat\u00f3rio.<\/a><\/li>\n<\/ul>\n<\/li>\n<\/ul>\n<p>&nbsp;<\/p>\n<p>&nbsp;<\/p>\n<p>&nbsp;<\/p>","protected":false},"excerpt":{"rendered":"<p>&nbsp; Homenagem Homenagem \u00e0 Sergio Opazo &#8211; Baixar documento. Ao nosso amigo, Sergio Opazo &#8211; Baixar documento. Diretrizes Diretrizes para a organiza\u00e7\u00e3o da RedLaTIF &#8211; Baixar documento. Hist\u00f3ria RedLaTIF ao longo dos anos &#8211;&#46;&#46;&#46;<\/p>\n","protected":false},"author":1,"featured_media":0,"parent":0,"menu_order":0,"comment_status":"open","ping_status":"open","template":"","meta":{"ngg_post_thumbnail":0,"footnotes":""},"class_list":["post-26","page","type-page","status-publish","hentry"],"_links":{"self":[{"href":"https:\/\/www.redlatif.org\/pt\/wp-json\/wp\/v2\/pages\/26","targetHints":{"allow":["GET"]}}],"collection":[{"href":"https:\/\/www.redlatif.org\/pt\/wp-json\/wp\/v2\/pages"}],"about":[{"href":"https:\/\/www.redlatif.org\/pt\/wp-json\/wp\/v2\/types\/page"}],"author":[{"embeddable":true,"href":"https:\/\/www.redlatif.org\/pt\/wp-json\/wp\/v2\/users\/1"}],"replies":[{"embeddable":true,"href":"https:\/\/www.redlatif.org\/pt\/wp-json\/wp\/v2\/comments?post=26"}],"version-history":[{"count":38,"href":"https:\/\/www.redlatif.org\/pt\/wp-json\/wp\/v2\/pages\/26\/revisions"}],"predecessor-version":[{"id":2079,"href":"https:\/\/www.redlatif.org\/pt\/wp-json\/wp\/v2\/pages\/26\/revisions\/2079"}],"wp:attachment":[{"href":"https:\/\/www.redlatif.org\/pt\/wp-json\/wp\/v2\/media?parent=26"}],"curies":[{"name":"wp","href":"https:\/\/api.w.org\/{rel}","templated":true}]}}