{"id":83,"date":"2014-11-06T08:19:24","date_gmt":"2014-11-06T10:19:24","guid":{"rendered":"http:\/\/sirc.dgi.inpe.br\/redlatif\/?page_id=83"},"modified":"2016-12-16T14:25:55","modified_gmt":"2016-12-16T16:25:55","slug":"noticias","status":"publish","type":"page","link":"https:\/\/www.redlatif.org\/pt\/noticias\/","title":{"rendered":"Not\u00edcias"},"content":{"rendered":"<p><\/p>\n<h2>An\u00e1lises de not\u00edcias sobre inc\u00eandios para Am\u00e9rica do Sul e Caribe<\/h2>\n<p><strong>Autores:<\/strong> Gimena Podest\u00e1, Emiliano Melchiori, Alberto Setzer, Fabiano Morelli,\u00a0Debora Moraes<\/p>\n<h3>Inc\u00eandios florestais nos meios de comunica\u00e7\u00e3o<\/h3>\n<p>O objetivo desta se\u00e7\u00e3o que se apresenta \u00e9 realizar uma pesquisa das not\u00edcias que aparacem nos meios de comunica\u00e7\u00e3o sobre a ocorr\u00eancia e pesquisa de inc\u00eandios nas vegeta\u00e7\u00f5es, acompanhando as informa\u00e7\u00f5es, quando poss\u00edvel, a detec\u00e7\u00e3o via sat\u00e9lites de focos de calor do sistema BDQUEIMADAS do INPE.<\/p>\n<p>Com estes dados, not\u00edcias e focos de calor, pretende-se realizar uma dupla verifica\u00e7\u00e3o sobre a realidade dos inc\u00eandios na Am\u00e9rica do Sul e Caribe. De um lado, o interesse dos meios de comunica\u00e7\u00e3o em massa sobre o tema inc\u00eandios nas vegeta\u00e7\u00f5es, sua origem e consequ\u00eancia, do outro lado, a efic\u00e1cia dos sistemas de monitoramento para acompanhar e fortalecer as informa\u00e7\u00f5es que s\u00e3o apresentadas nas not\u00edcias, fornecendo dados que at\u00e9 o momento n\u00e3o s\u00e3o comuns na m\u00eddia, como imagens de sat\u00e9lites da situa\u00e7\u00e3o atual e anterior dos inc\u00eandios, mapas de focos de calor, medi\u00e7\u00f5es das \u00e1reas afetadas, entre outros produtos que podem ser gerados.<\/p>\n<h3>Busca das informa\u00e7\u00f5es<\/h3>\n<p>\u00c9 definido not\u00edcia, uma nova informa\u00e7\u00e3o sobre algum evento. Os eventos de interesse para nosso estudo s\u00e3o os inc\u00eandios nas vegeta\u00e7\u00f5es e para este caso em particular, as not\u00edcias que s\u00e3o processadas, s\u00e3o fornecidas por relat\u00f3rios peri\u00f3dicos com dados de eventos de inc\u00eandios recentes.<\/p>\n<p>Na busca por not\u00edcias de inc\u00eandios que ocorrem na Am\u00e9rica do Sul e Caribe encontramos numerosas fontes na internet. Podemos mencionar jornais de alcance local, regional, nacional e internacional. Essas diversas fontes raramente apresentam informa\u00e7\u00f5es de maneira exclusiva e geralmente encontramos informa\u00e7\u00f5es redundantes que referenciam acontecimentos de grande magnitude e que ocorrem em diferentes lugares do mundo. Hoje em dia \u00e9 comum encontrar not\u00edcias em todo tipo de jornais, como no Chile, Austr\u00e1lia ou Calif\u00f3rnia, mesmo sem saber em que lugar do mapa se encontra esses lugares. Somente quando um evento de inc\u00eandio n\u00e3o toma a notoriedade devido o envolvimento de uma pequena \u00e1rea sem grande import\u00e2ncia ecol\u00f3gica e aparece geralmente em um jornal local e n\u00e3o possui uma repercuss\u00e3o de n\u00edvel nacional ou internacional. \u00c9 comum encontrar m\u00faltiplas refer\u00eancias em um portal de not\u00edcias referendo-se a um mesmo evento de acordo com a evolu\u00e7\u00e3o dos acontecimentos, ou a medida que se obt\u00e9m mais ou melhores informa\u00e7\u00f5es a respeito do evento.<\/p>\n<p>Neste trabalho, a\u00a0redund\u00e2ncia deve ser eliminada para que cada not\u00edcia que se processa seja \u00fanica e represente somente um evento. De todas as not\u00edcias dispon\u00edveis sera escolhida a informa\u00e7\u00e3o que mais resultar confiabilidade.<\/p>\n<p>O processo de busca das not\u00edcias sobre inc\u00eandios \u00e9 realizada de forma peri\u00f3dica analisando alertas de not\u00edcias incorporadas ao sistema de busca do Google. Estes alertas de not\u00edcias s\u00e3o recebidos em uma conta de correio eletr\u00f4nico e s\u00e3o verificadas diariamente e de forma manual. De todas as not\u00edcias recebidas sobre um determinado evento, apenas uma \u00e9 escolhida para representar o mesmo. Em seguida, \u00e9 verificado no sistema de monitoramento de focos de calor do INPE sobre a exist\u00eancia de detec\u00e7\u00e3o de focos de calor para a \u00e1rea descrita na not\u00edcia.<\/p>\n<p>Quando surge uma not\u00edcia sobre um evento de inc\u00eandio tomando como lugar um determinada localidade, \u00e9 comum que a not\u00edcia continue at\u00e9 que o inc\u00eandio seja extinguido por causas naturais ou por bombeiros. Nestes casos se registram ambas as datas de in\u00edcio e termino de acordo com as not\u00edcias e as detec\u00e7\u00f5es do sistema de monitoramento. Isto \u00e9, o momento em que apareceu a primeira detec\u00e7\u00e3o e quando deixou de aparecer.<\/p>\n<h3>Dados obtidos<\/h3>\n<h4>Not\u00edcias nos meios de comunica\u00e7\u00e3o para os meses de Janeiro \u00e0 Dezembro\u00a0de 2014<\/h4>\n<p>As informa\u00e7\u00f5es obtidas dos meios de comunica\u00e7\u00f5es, durante os meses de Janeiro \u00e0 Dezembro\u00a0de 2014, sobre os inc\u00eandios nas vegeta\u00e7\u00f5es na Am\u00e9rica do Sul e Caribe s\u00e3o resumidos no seguintes gr\u00e1ficos de barras.<\/p>\n<p><strong>Total de not\u00edcias sobre inc\u00eandios na Am\u00e9rica do Sul e Caribe<\/strong> (clique na imagem para ampliar)<\/p>\n<p><strong>[Not a valid template]<\/strong><\/p>\n<p><strong>Mapas da densidade de focos de calor e not\u00edcias<\/strong> (clique na imagem para ampliar )<\/p>\n<p>[Not a valid template]<\/p>\n<p>Dentre as causas para quais n\u00e3o h\u00e1 focos de calor acompanhando as not\u00edcias, podemos mencionar a escassa dura\u00e7\u00e3o ou o tamanho dos inc\u00eandios, assim como tamb\u00e9m a presen\u00e7a de nuvens nas regi\u00f5es aonde ocorreu o inc\u00eandio.<\/p>\n<p>Cabe mencionar que os inc\u00eandios de maior dura\u00e7\u00e3o e tamanho mencionados nas not\u00edcias, foram sempre acompanhadas por detec\u00e7\u00f5es do sistema de monitoramento.<\/p>","protected":false},"excerpt":{"rendered":"<p>An\u00e1lises de not\u00edcias sobre inc\u00eandios para Am\u00e9rica do Sul e Caribe Autores: Gimena Podest\u00e1, Emiliano Melchiori, Alberto Setzer, Fabiano Morelli,\u00a0Debora Moraes Inc\u00eandios florestais nos meios de comunica\u00e7\u00e3o O objetivo desta se\u00e7\u00e3o que se apresenta&#46;&#46;&#46;<\/p>\n","protected":false},"author":1,"featured_media":0,"parent":0,"menu_order":0,"comment_status":"open","ping_status":"closed","template":"","meta":{"ngg_post_thumbnail":0,"footnotes":""},"class_list":["post-83","page","type-page","status-publish","hentry"],"_links":{"self":[{"href":"https:\/\/www.redlatif.org\/pt\/wp-json\/wp\/v2\/pages\/83","targetHints":{"allow":["GET"]}}],"collection":[{"href":"https:\/\/www.redlatif.org\/pt\/wp-json\/wp\/v2\/pages"}],"about":[{"href":"https:\/\/www.redlatif.org\/pt\/wp-json\/wp\/v2\/types\/page"}],"author":[{"embeddable":true,"href":"https:\/\/www.redlatif.org\/pt\/wp-json\/wp\/v2\/users\/1"}],"replies":[{"embeddable":true,"href":"https:\/\/www.redlatif.org\/pt\/wp-json\/wp\/v2\/comments?post=83"}],"version-history":[{"count":39,"href":"https:\/\/www.redlatif.org\/pt\/wp-json\/wp\/v2\/pages\/83\/revisions"}],"predecessor-version":[{"id":2015,"href":"https:\/\/www.redlatif.org\/pt\/wp-json\/wp\/v2\/pages\/83\/revisions\/2015"}],"wp:attachment":[{"href":"https:\/\/www.redlatif.org\/pt\/wp-json\/wp\/v2\/media?parent=83"}],"curies":[{"name":"wp","href":"https:\/\/api.w.org\/{rel}","templated":true}]}}